{"id":21,"date":"2019-05-09T18:12:34","date_gmt":"2019-05-09T18:12:34","guid":{"rendered":"http:\/\/vorschau.kunstverein-bad-salzdetfurth.de\/wordpress\/?page_id=21"},"modified":"2019-08-12T18:42:14","modified_gmt":"2019-08-12T17:42:14","slug":"kunstgebaeude-im-schlosshof-bodenburg","status":"publish","type":"page","link":"https:\/\/www.kunstverein-bad-salzdetfurth.de\/inhalt\/kunstgebaeude-im-schlosshof-bodenburg\/","title":{"rendered":"Kunstgeb\u00e4ude im Schlosshof Bodenburg"},"content":{"rendered":"<div class=\"wpb-content-wrapper\"><p>[vc_row type_width=&#8220;full_size&#8220; box_size_states=&#8220;content_box_size&#8220; row_fit_to_height=&#8220;enable&#8220; row_vertical_align=&#8220;enable&#8220; row_equal_column_heigh=&#8220;enable&#8220; row_content_vertical_align=&#8220;0&#8243; row_type=&#8220;none&#8220; background_color=&#8220;rgba(255, 255, 255, 0)&#8220; row_webm_url=&#8220;&#8220; row_mp4_url=&#8220;&#8220; background_color_image=&#8220;rgba(0,0,0,0.2)&#8220; row_gradient_color=&#8220;pixflow_base64eyJjb2xvcjEiOiIjZmZmIiwiY29sb3IyIjoicmdiYSgyNTUsMjU1LDI1NSwwKSIsImNvbG9yMVBvcyI6IjAuMDAiLCJjb2xvcjJQb3MiOiIxMDAuMDAiLCJhbmdsZSI6MH0=&#8220; row_image_position=&#8220;default&#8220; row_image_position_gradient=&#8220;fit&#8220; row_bg_image_size_tab_image=&#8220;cover&#8220; row_bg_image_size_tab_gradient=&#8220;cover&#8220; row_bg_repeat_image_gp=&#8220;no&#8220; row_bg_repeat_gradient_gp=&#8220;no&#8220; row_padding_top=&#8220;45&#8243; row_padding_bottom=&#8220;45&#8243; row_padding_right=&#8220;0&#8243; row_padding_left=&#8220;0&#8243; row_margin_top=&#8220;0&#8243; row_margin_bottom=&#8220;0&#8243; row_inner_shadow=&#8220;no&#8220; row_sloped_edge=&#8220;no&#8220; row_slope_edge_position=&#8220;top&#8220; row_sloped_edge_angle=&#8220;-3&#8243; parallax_status=&#8220;enable&#8220; parallax_speed=&#8220;0&#8243;][vc_column][vc_empty_space height=&#8220;100&#8243;][\/vc_column][\/vc_row][vc_row type_width=&#8220;full_size&#8220; box_size_states=&#8220;content_box_size&#8220; row_fit_to_height=&#8220;enable&#8220; row_vertical_align=&#8220;enable&#8220; row_equal_column_heigh=&#8220;enable&#8220; row_content_vertical_align=&#8220;0&#8243; row_type=&#8220;none&#8220; background_color=&#8220;rgba(245, 245, 245, 0)&#8220; row_webm_url=&#8220;&#8220; row_mp4_url=&#8220;&#8220; background_color_image=&#8220;rgba(0,0,0,0.2)&#8220; row_gradient_color=&#8220;pixflow_base64eyJjb2xvcjEiOiIjZmZmIiwiY29sb3IyIjoicmdiYSgyNTUsMjU1LDI1NSwwKSIsImNvbG9yMVBvcyI6IjAuMDAiLCJjb2xvcjJQb3MiOiIxMDAuMDAiLCJhbmdsZSI6MH0=&#8220; row_image_position=&#8220;default&#8220; row_image_position_gradient=&#8220;fit&#8220; row_bg_image_size_tab_image=&#8220;cover&#8220; row_bg_image_size_tab_gradient=&#8220;cover&#8220; row_bg_repeat_image_gp=&#8220;no&#8220; row_bg_repeat_gradient_gp=&#8220;no&#8220; row_padding_top=&#8220;200&#8243; row_padding_bottom=&#8220;200&#8243; row_padding_right=&#8220;0&#8243; row_padding_left=&#8220;0&#8243; row_margin_top=&#8220;0&#8243; row_margin_bottom=&#8220;0&#8243; row_inner_shadow=&#8220;no&#8220; row_sloped_edge=&#8220;no&#8220; row_slope_edge_position=&#8220;top&#8220; row_sloped_edge_angle=&#8220;-3&#8243; parallax_status=&#8220;enable&#8220; parallax_speed=&#8220;0&#8243;][vc_column border_color=&#8220;rgba(0,0,0,1)&#8220; border_style=&#8220;solid&#8220; el_class=&#8220;responsive-full-width&#8220; width=&#8220;6\/12&#8243; background_color=&#8220;rgba(0,0,0,0)&#8220; margin_top=&#8220;0&#8243; margin_right=&#8220;0&#8243; margin_bottom=&#8220;0&#8243; margin_left=&#8220;0&#8243; padding_top=&#8220;0&#8243; padding_right=&#8220;140&#8243; padding_bottom=&#8220;0&#8243; padding_left=&#8220;0&#8243; css=&#8220;{border-color:rgba(0,0,0,1);border-style:solid;background-color:rgba(0,0,0,0);background-size:;margin-top:0px;margin-right:0px;margin-bottom:0px;margin-left:0px;padding-top:0px;padding-right:140px!important;padding-bottom:0px;padding-left:0px;border-top-width:0px;border-right-width:0px;border-bottom-width:0px;border-left-width:0px;}&#8220; md_laptop_visibility=&#8220;enable&#8220; md_tablet_portrait_visibility=&#8220;enable&#8220; md_tablet_landscape_visibility=&#8220;enable&#8220; md_mobile_portrait_visibility=&#8220;enable&#8220; md_mobile_landscape_visibility=&#8220;enable&#8220;][vc_column_text]Auf dem Hof des Bodenburger Schlosses, das direkt vom Ortskern aus erschlossen wird, befindet sich ein Geb\u00e4ude mit einer au\u00dfergew\u00f6hnlichen Dachform, dessen letzte landwirtschaftliche Nutzung der Rinderzucht diente.[\/vc_column_text][\/vc_column][vc_column border_color=&#8220;rgba(0,0,0,1)&#8220; border_style=&#8220;solid&#8220; el_class=&#8220;responsive-col-50&#8243; width=&#8220;6\/12&#8243; background_color=&#8220;rgba(0,0,0,0)&#8220; margin_top=&#8220;0&#8243; margin_right=&#8220;0&#8243; margin_bottom=&#8220;0&#8243; margin_left=&#8220;0&#8243; padding_top=&#8220;0&#8243; padding_right=&#8220;1&#8243; padding_bottom=&#8220;0&#8243; padding_left=&#8220;0&#8243; css=&#8220;{border-color:rgba(0,0,0,1);border-style:solid;background-color:rgba(0,0,0,0);background-size:;margin-top:0px;margin-right:0px;margin-bottom:0px;margin-left:0px;padding-top:0px;padding-right:1px!important;padding-bottom:0px;padding-left:0px;border-top-width:0px;border-right-width:0px;border-bottom-width:0px;border-left-width:0px;}&#8220; md_laptop_visibility=&#8220;enable&#8220; md_tablet_portrait_visibility=&#8220;enable&#8220; md_tablet_landscape_visibility=&#8220;enable&#8220; md_mobile_portrait_visibility=&#8220;enable&#8220; md_mobile_landscape_visibility=&#8220;enable&#8220;][vc_single_image media=&#8220;4804&#8243; media_width_percent=&#8220;100&#8243;][\/vc_column][\/vc_row][vc_row type_width=&#8220;full_size&#8220; box_size_states=&#8220;content_box_size&#8220; row_fit_to_height=&#8220;enable&#8220; row_vertical_align=&#8220;enable&#8220; row_equal_column_heigh=&#8220;enable&#8220; row_content_vertical_align=&#8220;0&#8243; row_type=&#8220;none&#8220; background_color=&#8220;rgba(245, 245, 245, 0)&#8220; row_webm_url=&#8220;&#8220; row_mp4_url=&#8220;&#8220; background_color_image=&#8220;rgba(0,0,0,0.2)&#8220; row_gradient_color=&#8220;pixflow_base64eyJjb2xvcjEiOiIjZmZmIiwiY29sb3IyIjoicmdiYSgyNTUsMjU1LDI1NSwwKSIsImNvbG9yMVBvcyI6IjAuMDAiLCJjb2xvcjJQb3MiOiIxMDAuMDAiLCJhbmdsZSI6MH0=&#8220; row_image_position=&#8220;default&#8220; row_image_position_gradient=&#8220;fit&#8220; row_bg_image_size_tab_image=&#8220;cover&#8220; row_bg_image_size_tab_gradient=&#8220;cover&#8220; row_bg_repeat_image_gp=&#8220;no&#8220; row_bg_repeat_gradient_gp=&#8220;no&#8220; row_padding_top=&#8220;3&#8243; row_padding_bottom=&#8220;0&#8243; row_padding_right=&#8220;0&#8243; row_padding_left=&#8220;0&#8243; row_margin_top=&#8220;0&#8243; row_margin_bottom=&#8220;0&#8243; row_inner_shadow=&#8220;no&#8220; row_sloped_edge=&#8220;no&#8220; row_slope_edge_position=&#8220;top&#8220; row_sloped_edge_angle=&#8220;-3&#8243; parallax_status=&#8220;enable&#8220; parallax_speed=&#8220;0&#8243;][vc_column border_color=&#8220;rgba(0,0,0,1)&#8220; border_style=&#8220;solid&#8220; el_class=&#8220;responsive-full-width&#8220; width=&#8220;6\/12&#8243; background_color=&#8220;rgba(0,0,0,0)&#8220; margin_top=&#8220;0&#8243; margin_right=&#8220;0&#8243; margin_bottom=&#8220;0&#8243; margin_left=&#8220;0&#8243; padding_top=&#8220;0&#8243; padding_right=&#8220;140&#8243; padding_bottom=&#8220;0&#8243; padding_left=&#8220;0&#8243; css=&#8220;{border-color:rgba(0,0,0,1);border-style:solid;background-color:rgba(0,0,0,0);background-size:;margin-top:0px;margin-right:0px;margin-bottom:0px;margin-left:0px;padding-top:0px;padding-right:140px!important;padding-bottom:0px;padding-left:0px;border-top-width:0px;border-right-width:0px;border-bottom-width:0px;border-left-width:0px;}&#8220; md_laptop_visibility=&#8220;enable&#8220; md_tablet_portrait_visibility=&#8220;enable&#8220; md_tablet_landscape_visibility=&#8220;enable&#8220; md_mobile_portrait_visibility=&#8220;enable&#8220; md_mobile_landscape_visibility=&#8220;enable&#8220;][vc_single_image media=&#8220;4807&#8243; media_width_percent=&#8220;100&#8243;][\/vc_column][vc_column border_color=&#8220;rgba(0,0,0,1)&#8220; border_style=&#8220;solid&#8220; el_class=&#8220;responsive-col-50&#8243; width=&#8220;6\/12&#8243; background_color=&#8220;rgba(0,0,0,0)&#8220; margin_top=&#8220;0&#8243; margin_right=&#8220;0&#8243; margin_bottom=&#8220;0&#8243; margin_left=&#8220;0&#8243; padding_top=&#8220;0&#8243; padding_right=&#8220;15&#8243; padding_bottom=&#8220;0&#8243; padding_left=&#8220;0&#8243; css=&#8220;{border-color:rgba(0,0,0,1);border-style:solid;background-color:rgba(0,0,0,0);background-size:;margin-top:0px;margin-right:0px;margin-bottom:0px;margin-left:0px;padding-top:0px;padding-right:15px!important;padding-bottom:0px;padding-left:0px;border-top-width:0px;border-right-width:0px;border-bottom-width:0px;border-left-width:0px;}&#8220; md_laptop_visibility=&#8220;enable&#8220; md_tablet_portrait_visibility=&#8220;enable&#8220; md_tablet_landscape_visibility=&#8220;enable&#8220; md_mobile_portrait_visibility=&#8220;enable&#8220; md_mobile_landscape_visibility=&#8220;enable&#8220;][vc_column_text]In dieser Zeit erhielt es im Volksmund den Namen &#8222;Bullenstall&#8220;. Dieser sogenannte Bullenstall geh\u00f6rt zu einer Gruppe baulicher Anlagen, die nach Nieders\u00e4chsischem Denkmalschutzgesetz in Gesamtheit als Baudenkmal ausgewiesen ist. Diese Gruppe umfasst s\u00e4mtliche historisch bedeutenden Baulichkeiten im Bereich des Schlosses und dessen Parkanlage. Es handelt sich bei diesem Baudenkmal um ein in Nord-\/S\u00fcdrichtung ausgerichtetes langgestrecktes und quaderf\u00f6rmiges Bauwerk, das mit einem schiefergedeckten Sattelschwingdach versehen ist.[\/vc_column_text][\/vc_column][\/vc_row][vc_row type_width=&#8220;full_size&#8220; box_size_states=&#8220;content_box_size&#8220; row_fit_to_height=&#8220;enable&#8220; row_vertical_align=&#8220;enable&#8220; row_equal_column_heigh=&#8220;enable&#8220; row_content_vertical_align=&#8220;0&#8243; row_type=&#8220;none&#8220; background_color=&#8220;rgba(245, 245, 245, 0)&#8220; row_webm_url=&#8220;&#8220; row_mp4_url=&#8220;&#8220; background_color_image=&#8220;rgba(0,0,0,0.2)&#8220; row_gradient_color=&#8220;pixflow_base64eyJjb2xvcjEiOiIjZmZmIiwiY29sb3IyIjoicmdiYSgyNTUsMjU1LDI1NSwwKSIsImNvbG9yMVBvcyI6IjAuMDAiLCJjb2xvcjJQb3MiOiIxMDAuMDAiLCJhbmdsZSI6MH0=&#8220; row_image_position=&#8220;default&#8220; row_image_position_gradient=&#8220;fit&#8220; row_bg_image_size_tab_image=&#8220;cover&#8220; row_bg_image_size_tab_gradient=&#8220;cover&#8220; row_bg_repeat_image_gp=&#8220;no&#8220; row_bg_repeat_gradient_gp=&#8220;no&#8220; row_padding_top=&#8220;200&#8243; row_padding_bottom=&#8220;200&#8243; row_padding_right=&#8220;0&#8243; row_padding_left=&#8220;0&#8243; row_margin_top=&#8220;0&#8243; row_margin_bottom=&#8220;0&#8243; row_inner_shadow=&#8220;no&#8220; row_sloped_edge=&#8220;no&#8220; row_slope_edge_position=&#8220;top&#8220; row_sloped_edge_angle=&#8220;-3&#8243; parallax_status=&#8220;enable&#8220; parallax_speed=&#8220;0&#8243;][vc_column border_color=&#8220;rgba(0,0,0,1)&#8220; border_style=&#8220;solid&#8220; el_class=&#8220;responsive-full-width&#8220; width=&#8220;6\/12&#8243; background_color=&#8220;rgba(0,0,0,0)&#8220; margin_top=&#8220;0&#8243; margin_right=&#8220;0&#8243; margin_bottom=&#8220;0&#8243; margin_left=&#8220;0&#8243; padding_top=&#8220;0&#8243; padding_right=&#8220;140&#8243; padding_bottom=&#8220;0&#8243; padding_left=&#8220;0&#8243; css=&#8220;{border-color:rgba(0,0,0,1);border-style:solid;background-color:rgba(0,0,0,0);background-size:;margin-top:0px;margin-right:0px;margin-bottom:0px;margin-left:0px;padding-top:0px;padding-right:140px!important;padding-bottom:0px;padding-left:0px;border-top-width:0px;border-right-width:0px;border-bottom-width:0px;border-left-width:0px;}&#8220; md_laptop_visibility=&#8220;enable&#8220; md_tablet_portrait_visibility=&#8220;enable&#8220; md_tablet_landscape_visibility=&#8220;enable&#8220; md_mobile_portrait_visibility=&#8220;enable&#8220; md_mobile_landscape_visibility=&#8220;enable&#8220;][vc_column_text]Dem Wasserschloss in s\u00fcdlicher Richtung zugeordnet, riegelt es die wirtschaftlich genutzte Fl\u00e4che zum Park im S\u00fcd-Westen ab.[\/vc_column_text][\/vc_column][vc_column border_color=&#8220;rgba(0,0,0,1)&#8220; border_style=&#8220;solid&#8220; el_class=&#8220;responsive-col-50&#8243; width=&#8220;6\/12&#8243; background_color=&#8220;rgba(0,0,0,0)&#8220; margin_top=&#8220;0&#8243; margin_right=&#8220;0&#8243; margin_bottom=&#8220;0&#8243; margin_left=&#8220;0&#8243; padding_top=&#8220;0&#8243; padding_right=&#8220;1&#8243; padding_bottom=&#8220;0&#8243; padding_left=&#8220;0&#8243; css=&#8220;{border-color:rgba(0,0,0,1);border-style:solid;background-color:rgba(0,0,0,0);background-size:;margin-top:0px;margin-right:0px;margin-bottom:0px;margin-left:0px;padding-top:0px;padding-right:1px!important;padding-bottom:0px;padding-left:0px;border-top-width:0px;border-right-width:0px;border-bottom-width:0px;border-left-width:0px;}&#8220; md_laptop_visibility=&#8220;enable&#8220; md_tablet_portrait_visibility=&#8220;enable&#8220; md_tablet_landscape_visibility=&#8220;enable&#8220; md_mobile_portrait_visibility=&#8220;enable&#8220; md_mobile_landscape_visibility=&#8220;enable&#8220;][vc_single_image media=&#8220;4808&#8243; media_width_percent=&#8220;100&#8243;][\/vc_column][\/vc_row][vc_row type_width=&#8220;full_size&#8220; box_size_states=&#8220;content_box_size&#8220; row_fit_to_height=&#8220;enable&#8220; row_vertical_align=&#8220;enable&#8220; row_equal_column_heigh=&#8220;enable&#8220; row_content_vertical_align=&#8220;0&#8243; row_type=&#8220;none&#8220; background_color=&#8220;rgba(245, 245, 245, 0)&#8220; row_webm_url=&#8220;&#8220; row_mp4_url=&#8220;&#8220; background_color_image=&#8220;rgba(0,0,0,0.2)&#8220; row_gradient_color=&#8220;pixflow_base64eyJjb2xvcjEiOiIjZmZmIiwiY29sb3IyIjoicmdiYSgyNTUsMjU1LDI1NSwwKSIsImNvbG9yMVBvcyI6IjAuMDAiLCJjb2xvcjJQb3MiOiIxMDAuMDAiLCJhbmdsZSI6MH0=&#8220; row_image_position=&#8220;default&#8220; row_image_position_gradient=&#8220;fit&#8220; row_bg_image_size_tab_image=&#8220;cover&#8220; row_bg_image_size_tab_gradient=&#8220;cover&#8220; row_bg_repeat_image_gp=&#8220;no&#8220; row_bg_repeat_gradient_gp=&#8220;no&#8220; row_padding_top=&#8220;3&#8243; row_padding_bottom=&#8220;0&#8243; row_padding_right=&#8220;0&#8243; row_padding_left=&#8220;0&#8243; row_margin_top=&#8220;0&#8243; row_margin_bottom=&#8220;0&#8243; row_inner_shadow=&#8220;no&#8220; row_sloped_edge=&#8220;no&#8220; row_slope_edge_position=&#8220;top&#8220; row_sloped_edge_angle=&#8220;-3&#8243; parallax_status=&#8220;enable&#8220; parallax_speed=&#8220;0&#8243;][vc_column border_color=&#8220;rgba(0,0,0,1)&#8220; border_style=&#8220;solid&#8220; el_class=&#8220;responsive-full-width&#8220; width=&#8220;6\/12&#8243; background_color=&#8220;rgba(0,0,0,0)&#8220; margin_top=&#8220;0&#8243; margin_right=&#8220;0&#8243; margin_bottom=&#8220;0&#8243; margin_left=&#8220;0&#8243; padding_top=&#8220;0&#8243; padding_right=&#8220;140&#8243; padding_bottom=&#8220;0&#8243; padding_left=&#8220;0&#8243; css=&#8220;{border-color:rgba(0,0,0,1);border-style:solid;background-color:rgba(0,0,0,0);background-size:;margin-top:0px;margin-right:0px;margin-bottom:0px;margin-left:0px;padding-top:0px;padding-right:140px!important;padding-bottom:0px;padding-left:0px;border-top-width:0px;border-right-width:0px;border-bottom-width:0px;border-left-width:0px;}&#8220; md_laptop_visibility=&#8220;enable&#8220; md_tablet_portrait_visibility=&#8220;enable&#8220; md_tablet_landscape_visibility=&#8220;enable&#8220; md_mobile_portrait_visibility=&#8220;enable&#8220; md_mobile_landscape_visibility=&#8220;enable&#8220;][vc_single_image media=&#8220;4805&#8243; media_width_percent=&#8220;100&#8243;][\/vc_column][vc_column border_color=&#8220;rgba(0,0,0,1)&#8220; border_style=&#8220;solid&#8220; el_class=&#8220;responsive-col-50&#8243; width=&#8220;6\/12&#8243; background_color=&#8220;rgba(0,0,0,0)&#8220; margin_top=&#8220;0&#8243; margin_right=&#8220;0&#8243; margin_bottom=&#8220;0&#8243; margin_left=&#8220;0&#8243; padding_top=&#8220;0&#8243; padding_right=&#8220;15&#8243; padding_bottom=&#8220;0&#8243; padding_left=&#8220;0&#8243; css=&#8220;{border-color:rgba(0,0,0,1);border-style:solid;background-color:rgba(0,0,0,0);background-size:;margin-top:0px;margin-right:0px;margin-bottom:0px;margin-left:0px;padding-top:0px;padding-right:15px!important;padding-bottom:0px;padding-left:0px;border-top-width:0px;border-right-width:0px;border-bottom-width:0px;border-left-width:0px;}&#8220; md_laptop_visibility=&#8220;enable&#8220; md_tablet_portrait_visibility=&#8220;enable&#8220; md_tablet_landscape_visibility=&#8220;enable&#8220; md_mobile_portrait_visibility=&#8220;enable&#8220; md_mobile_landscape_visibility=&#8220;enable&#8220;][vc_column_text]Trotz vieler Umbauten muss es in seiner derzeitigen Gestalt im wesentlichen der Zeit um 1800 zugerechnet werden. Der Bullenstall geh\u00f6rte zu den Wirtschafts- und Nebengeb\u00e4uden des Schlosses. Doch nicht allein deshalb, sondern vielmehr aufgrund seiner ungew\u00f6hnlichen Dachkonstruktion kommt ihm eine besondere kulturgeschichtliche Bedeutung zu, die auch ein zunehmend wirtschaftliches Interesse nach sich zieht. Dies mag auf den ersten Blick \u00fcberraschen, aber bei n\u00e4herer Betrachtung fallen verschiedene Dinge auf, die diesen Bautyp als einen jener seltenen Bauten ausweisen, die den \u00dcbergang der neuzeitlichen Wirtschaftsgeb\u00e4ude aus barocker Zeit zu den modernen Geb\u00e4udetypen des Industriezeitalters markieren.[\/vc_column_text][\/vc_column][\/vc_row][vc_row type_width=&#8220;full_size&#8220; box_size_states=&#8220;content_box_size&#8220; row_fit_to_height=&#8220;enable&#8220; row_vertical_align=&#8220;enable&#8220; row_equal_column_heigh=&#8220;enable&#8220; row_content_vertical_align=&#8220;0&#8243; row_type=&#8220;none&#8220; background_color=&#8220;rgba(245, 245, 245, 0)&#8220; row_webm_url=&#8220;&#8220; row_mp4_url=&#8220;&#8220; background_color_image=&#8220;rgba(0,0,0,0.2)&#8220; row_gradient_color=&#8220;pixflow_base64eyJjb2xvcjEiOiIjZmZmIiwiY29sb3IyIjoicmdiYSgyNTUsMjU1LDI1NSwwKSIsImNvbG9yMVBvcyI6IjAuMDAiLCJjb2xvcjJQb3MiOiIxMDAuMDAiLCJhbmdsZSI6MH0=&#8220; row_image_position=&#8220;default&#8220; row_image_position_gradient=&#8220;fit&#8220; row_bg_image_size_tab_image=&#8220;cover&#8220; row_bg_image_size_tab_gradient=&#8220;cover&#8220; row_bg_repeat_image_gp=&#8220;no&#8220; row_bg_repeat_gradient_gp=&#8220;no&#8220; row_padding_top=&#8220;200&#8243; row_padding_bottom=&#8220;200&#8243; row_padding_right=&#8220;0&#8243; row_padding_left=&#8220;0&#8243; row_margin_top=&#8220;0&#8243; row_margin_bottom=&#8220;0&#8243; row_inner_shadow=&#8220;no&#8220; row_sloped_edge=&#8220;no&#8220; row_slope_edge_position=&#8220;top&#8220; row_sloped_edge_angle=&#8220;-3&#8243; parallax_status=&#8220;enable&#8220; parallax_speed=&#8220;0&#8243;][vc_column border_color=&#8220;rgba(0,0,0,1)&#8220; border_style=&#8220;solid&#8220; el_class=&#8220;responsive-full-width&#8220; width=&#8220;6\/12&#8243; background_color=&#8220;rgba(0,0,0,0)&#8220; margin_top=&#8220;0&#8243; margin_right=&#8220;0&#8243; margin_bottom=&#8220;0&#8243; margin_left=&#8220;0&#8243; padding_top=&#8220;0&#8243; padding_right=&#8220;140&#8243; padding_bottom=&#8220;0&#8243; padding_left=&#8220;0&#8243; css=&#8220;{border-color:rgba(0,0,0,1);border-style:solid;background-color:rgba(0,0,0,0);background-size:;margin-top:0px;margin-right:0px;margin-bottom:0px;margin-left:0px;padding-top:0px;padding-right:140px!important;padding-bottom:0px;padding-left:0px;border-top-width:0px;border-right-width:0px;border-bottom-width:0px;border-left-width:0px;}&#8220; md_laptop_visibility=&#8220;enable&#8220; md_tablet_portrait_visibility=&#8220;enable&#8220; md_tablet_landscape_visibility=&#8220;enable&#8220; md_mobile_portrait_visibility=&#8220;enable&#8220; md_mobile_landscape_visibility=&#8220;enable&#8220;][vc_column_text]Dieses Geb\u00e4ude pachtete der Kunstverein Bad Salzdetfurth e.V. im November des Jahres 1992. Burghard von Cramm gab mit der Unterzeichnung des Vertrages f\u00fcr 50 Jahre dem Kunstverein die M\u00f6glichkeit, zeitgen\u00f6ssische Kunst und kulturelle Aktivit\u00e4ten im S\u00fcdraum des Landkreises einer breiten \u00d6ffentlichkeit zug\u00e4nglich zu machen.<br \/>\nMit Hilfe von Spenden und \u00f6ffentlichen Geldern sowie einem sehr hohen Anteil von Eigenleistungen sind die Wiederherstellung der Bausubstanz und die notwendigen Ma\u00dfnahmen zur Umnutzung f\u00fcr kulturelle Zwecke mittlerweile gelungen.[\/vc_column_text][\/vc_column][vc_column border_color=&#8220;rgba(0,0,0,1)&#8220; border_style=&#8220;solid&#8220; el_class=&#8220;responsive-col-50&#8243; width=&#8220;6\/12&#8243; background_color=&#8220;rgba(0,0,0,0)&#8220; margin_top=&#8220;0&#8243; margin_right=&#8220;0&#8243; margin_bottom=&#8220;0&#8243; margin_left=&#8220;0&#8243; padding_top=&#8220;0&#8243; padding_right=&#8220;1&#8243; padding_bottom=&#8220;0&#8243; padding_left=&#8220;0&#8243; css=&#8220;{border-color:rgba(0,0,0,1);border-style:solid;background-color:rgba(0,0,0,0);background-size:;margin-top:0px;margin-right:0px;margin-bottom:0px;margin-left:0px;padding-top:0px;padding-right:1px!important;padding-bottom:0px;padding-left:0px;border-top-width:0px;border-right-width:0px;border-bottom-width:0px;border-left-width:0px;}&#8220; md_laptop_visibility=&#8220;enable&#8220; md_tablet_portrait_visibility=&#8220;enable&#8220; md_tablet_landscape_visibility=&#8220;enable&#8220; md_mobile_portrait_visibility=&#8220;enable&#8220; md_mobile_landscape_visibility=&#8220;enable&#8220;][vc_single_image media=&#8220;4802&#8243; media_width_percent=&#8220;100&#8243;][\/vc_column][\/vc_row][vc_row type_width=&#8220;full_size&#8220; box_size_states=&#8220;content_box_size&#8220; row_fit_to_height=&#8220;enable&#8220; row_vertical_align=&#8220;enable&#8220; row_equal_column_heigh=&#8220;enable&#8220; row_content_vertical_align=&#8220;0&#8243; row_type=&#8220;none&#8220; background_color=&#8220;rgba(245, 245, 245, 0)&#8220; row_webm_url=&#8220;&#8220; row_mp4_url=&#8220;&#8220; background_color_image=&#8220;rgba(0,0,0,0.2)&#8220; row_gradient_color=&#8220;pixflow_base64eyJjb2xvcjEiOiIjZmZmIiwiY29sb3IyIjoicmdiYSgyNTUsMjU1LDI1NSwwKSIsImNvbG9yMVBvcyI6IjAuMDAiLCJjb2xvcjJQb3MiOiIxMDAuMDAiLCJhbmdsZSI6MH0=&#8220; row_image_position=&#8220;default&#8220; row_image_position_gradient=&#8220;fit&#8220; row_bg_image_size_tab_image=&#8220;cover&#8220; row_bg_image_size_tab_gradient=&#8220;cover&#8220; row_bg_repeat_image_gp=&#8220;no&#8220; row_bg_repeat_gradient_gp=&#8220;no&#8220; row_padding_top=&#8220;3&#8243; row_padding_bottom=&#8220;0&#8243; row_padding_right=&#8220;0&#8243; row_padding_left=&#8220;0&#8243; row_margin_top=&#8220;0&#8243; row_margin_bottom=&#8220;0&#8243; row_inner_shadow=&#8220;no&#8220; row_sloped_edge=&#8220;no&#8220; row_slope_edge_position=&#8220;top&#8220; row_sloped_edge_angle=&#8220;-3&#8243; parallax_status=&#8220;enable&#8220; parallax_speed=&#8220;0&#8243;][vc_column border_color=&#8220;rgba(0,0,0,1)&#8220; border_style=&#8220;solid&#8220; el_class=&#8220;responsive-full-width&#8220; width=&#8220;6\/12&#8243; background_color=&#8220;rgba(0,0,0,0)&#8220; margin_top=&#8220;0&#8243; margin_right=&#8220;0&#8243; margin_bottom=&#8220;0&#8243; margin_left=&#8220;0&#8243; padding_top=&#8220;0&#8243; padding_right=&#8220;140&#8243; padding_bottom=&#8220;0&#8243; padding_left=&#8220;0&#8243; css=&#8220;{border-color:rgba(0,0,0,1);border-style:solid;background-color:rgba(0,0,0,0);background-size:;margin-top:0px;margin-right:0px;margin-bottom:0px;margin-left:0px;padding-top:0px;padding-right:140px!important;padding-bottom:0px;padding-left:0px;border-top-width:0px;border-right-width:0px;border-bottom-width:0px;border-left-width:0px;}&#8220; md_laptop_visibility=&#8220;enable&#8220; md_tablet_portrait_visibility=&#8220;enable&#8220; md_tablet_landscape_visibility=&#8220;enable&#8220; md_mobile_portrait_visibility=&#8220;enable&#8220; md_mobile_landscape_visibility=&#8220;enable&#8220;][vc_single_image media=&#8220;4806&#8243; media_width_percent=&#8220;100&#8243;][\/vc_column][vc_column border_color=&#8220;rgba(0,0,0,1)&#8220; border_style=&#8220;solid&#8220; el_class=&#8220;responsive-col-50&#8243; width=&#8220;6\/12&#8243; background_color=&#8220;rgba(0,0,0,0)&#8220; margin_top=&#8220;0&#8243; margin_right=&#8220;0&#8243; margin_bottom=&#8220;0&#8243; margin_left=&#8220;0&#8243; padding_top=&#8220;0&#8243; padding_right=&#8220;15&#8243; padding_bottom=&#8220;0&#8243; padding_left=&#8220;0&#8243; css=&#8220;{border-color:rgba(0,0,0,1);border-style:solid;background-color:rgba(0,0,0,0);background-size:;margin-top:0px;margin-right:0px;margin-bottom:0px;margin-left:0px;padding-top:0px;padding-right:15px!important;padding-bottom:0px;padding-left:0px;border-top-width:0px;border-right-width:0px;border-bottom-width:0px;border-left-width:0px;}&#8220; md_laptop_visibility=&#8220;enable&#8220; md_tablet_portrait_visibility=&#8220;enable&#8220; md_tablet_landscape_visibility=&#8220;enable&#8220; md_mobile_portrait_visibility=&#8220;enable&#8220; md_mobile_landscape_visibility=&#8220;enable&#8220;][vc_column_text]Mit den beiden Ausstellungsetagen von ca. 500 m\u00b2 Grundfl\u00e4che verf\u00fcgt der Bullenstall \u00fcber attraktive R\u00e4ume, die zudem noch mit ihrer au\u00dfergew\u00f6hnlichen Architektur von besonderem Reiz sind. Dieser Reiz verfehlt bei den K\u00fcnstlerinnen und K\u00fcnstlern, die das Geb\u00e4ude kennen lernen, seine Wirkung nicht und so wurden bereits umfangreiche Ausstellungen und Veranstaltungen in den R\u00e4umlichkeiten des Bullenstalles durchgef\u00fchrt.[\/vc_column_text][\/vc_column][\/vc_row][vc_row type_width=&#8220;full_size&#8220; box_size_states=&#8220;content_box_size&#8220; row_fit_to_height=&#8220;enable&#8220; row_vertical_align=&#8220;enable&#8220; row_equal_column_heigh=&#8220;enable&#8220; row_content_vertical_align=&#8220;0&#8243; row_type=&#8220;none&#8220; background_color=&#8220;rgba(255, 255, 255, 0)&#8220; row_webm_url=&#8220;&#8220; row_mp4_url=&#8220;&#8220; background_color_image=&#8220;rgba(0,0,0,0.2)&#8220; row_gradient_color=&#8220;pixflow_base64eyJjb2xvcjEiOiIjZmZmIiwiY29sb3IyIjoicmdiYSgyNTUsMjU1LDI1NSwwKSIsImNvbG9yMVBvcyI6IjAuMDAiLCJjb2xvcjJQb3MiOiIxMDAuMDAiLCJhbmdsZSI6MH0=&#8220; row_image_position=&#8220;default&#8220; row_image_position_gradient=&#8220;fit&#8220; row_bg_image_size_tab_image=&#8220;cover&#8220; row_bg_image_size_tab_gradient=&#8220;cover&#8220; row_bg_repeat_image_gp=&#8220;no&#8220; row_bg_repeat_gradient_gp=&#8220;no&#8220; row_padding_top=&#8220;45&#8243; row_padding_bottom=&#8220;48&#8243; row_padding_right=&#8220;0&#8243; row_padding_left=&#8220;0&#8243; row_margin_top=&#8220;0&#8243; row_margin_bottom=&#8220;0&#8243; row_inner_shadow=&#8220;no&#8220; row_sloped_edge=&#8220;no&#8220; row_slope_edge_position=&#8220;top&#8220; row_sloped_edge_angle=&#8220;-3&#8243; parallax_status=&#8220;enable&#8220; parallax_speed=&#8220;0&#8243;][vc_column][vc_column_text]Bildquellen mit freundlicher Unterst\u00fctzung von <a href=\"https:\/\/web.archive.org\/web\/20061119051924\/http:\/\/www.eldaplus.org\/\">ELDA+<\/a>[\/vc_column_text][\/vc_column][\/vc_row]<\/p>\n<\/div>","protected":false},"excerpt":{"rendered":"<p>[vc_row type_width=&#8220;full_size&#8220; box_size_states=&#8220;content_box_size&#8220; row_fit_to_height=&#8220;enable&#8220; row_vertical_align=&#8220;enable&#8220; row_equal_column_heigh=&#8220;enable&#8220; row_content_vertical_align=&#8220;0&#8243; row_type=&#8220;none&#8220; background_color=&#8220;rgba(255, 255, 255, 0)&#8220; row_webm_url=&#8220;&#8220; row_mp4_url=&#8220;&#8220; background_color_image=&#8220;rgba(0,0,0,0.2)&#8220; row_gradient_color=&#8220;pixflow_base64eyJjb2xvcjEiOiIjZmZmIiwiY29sb3IyIjoicmdiYSgyNTUsMjU1LDI1NSwwKSIsImNvbG9yMVBvcyI6IjAuMDAiLCJjb2xvcjJQb3MiOiIxMDAuMDAiLCJhbmdsZSI6MH0=&#8220; row_image_position=&#8220;default&#8220; row_image_position_gradient=&#8220;fit&#8220; row_bg_image_size_tab_image=&#8220;cover&#8220; row_bg_image_size_tab_gradient=&#8220;cover&#8220; [&hellip;]<\/p>\n","protected":false},"author":3,"featured_media":0,"parent":0,"menu_order":0,"comment_status":"closed","ping_status":"closed","template":"","meta":{"footnotes":""},"class_list":["post-21","page","type-page","status-publish","hentry"],"_links":{"self":[{"href":"https:\/\/www.kunstverein-bad-salzdetfurth.de\/inhalt\/wp-json\/wp\/v2\/pages\/21"}],"collection":[{"href":"https:\/\/www.kunstverein-bad-salzdetfurth.de\/inhalt\/wp-json\/wp\/v2\/pages"}],"about":[{"href":"https:\/\/www.kunstverein-bad-salzdetfurth.de\/inhalt\/wp-json\/wp\/v2\/types\/page"}],"author":[{"embeddable":true,"href":"https:\/\/www.kunstverein-bad-salzdetfurth.de\/inhalt\/wp-json\/wp\/v2\/users\/3"}],"replies":[{"embeddable":true,"href":"https:\/\/www.kunstverein-bad-salzdetfurth.de\/inhalt\/wp-json\/wp\/v2\/comments?post=21"}],"version-history":[{"count":6,"href":"https:\/\/www.kunstverein-bad-salzdetfurth.de\/inhalt\/wp-json\/wp\/v2\/pages\/21\/revisions"}],"predecessor-version":[{"id":81173,"href":"https:\/\/www.kunstverein-bad-salzdetfurth.de\/inhalt\/wp-json\/wp\/v2\/pages\/21\/revisions\/81173"}],"wp:attachment":[{"href":"https:\/\/www.kunstverein-bad-salzdetfurth.de\/inhalt\/wp-json\/wp\/v2\/media?parent=21"}],"curies":[{"name":"wp","href":"https:\/\/api.w.org\/{rel}","templated":true}]}}